{"id":17629,"date":"2026-04-21T15:10:12","date_gmt":"2026-04-21T13:10:12","guid":{"rendered":"https:\/\/teresaborotau.com\/escuela\/?page_id=17629"},"modified":"2026-04-23T11:56:44","modified_gmt":"2026-04-23T09:56:44","slug":"guia-7-razones-para-desarrollar-tu-sensibilidad-y-percepcion-sutil","status":"publish","type":"page","link":"https:\/\/teresaborotau.com\/escuela\/guia-7-razones-para-desarrollar-tu-sensibilidad-y-percepcion-sutil\/","title":{"rendered":"Gu\u00eda 7 Razones para desarrollar tu sensibilidad y percepci\u00f3n sutil"},"content":{"rendered":"\t\t<div data-elementor-type=\"wp-page\" data-elementor-id=\"17629\" class=\"elementor elementor-17629\" data-elementor-post-type=\"page\">\n\t\t\t\t\t\t<section class=\"elementor-section elementor-top-section elementor-element elementor-element-2dcaea0 elementor-section-full_width elementor-section-height-default elementor-section-height-default\" data-id=\"2dcaea0\" data-element_type=\"section\" data-e-type=\"section\" data-settings=\"{&quot;background_background&quot;:&quot;classic&quot;}\">\n\t\t\t\t\t\t\t<div class=\"elementor-background-overlay\"><\/div>\n\t\t\t\t\t\t\t<div class=\"elementor-container elementor-column-gap-default\">\n\t\t\t\t\t<div class=\"elementor-column elementor-col-100 elementor-top-column elementor-element elementor-element-bbbe632\" data-id=\"bbbe632\" data-element_type=\"column\" data-e-type=\"column\">\n\t\t\t<div class=\"elementor-widget-wrap elementor-element-populated\">\n\t\t\t\t\t\t<div class=\"elementor-element elementor-element-4ae811f elementor-widget elementor-widget-heading\" data-id=\"4ae811f\" data-element_type=\"widget\" data-e-type=\"widget\" data-widget_type=\"heading.default\">\n\t\t\t\t<div class=\"elementor-widget-container\">\n\t\t\t\t\t<div class=\"elementor-heading-title elementor-size-default\"><b style=\"letter-spacing: 2.5px\"><span style=\"font-family: Aptos\"><\/span><\/b><\/div>\t\t\t\t<\/div>\n\t\t\t\t<\/div>\n\t\t\t\t<div class=\"elementor-element elementor-element-e1b5b47 elementor-widget__width-initial elementor-widget elementor-widget-heading\" data-id=\"e1b5b47\" data-element_type=\"widget\" data-e-type=\"widget\" data-widget_type=\"heading.default\">\n\t\t\t\t<div class=\"elementor-widget-container\">\n\t\t\t\t\t<h1 class=\"elementor-heading-title elementor-size-default\">GU\u00cdA 7 RAZONES PARA DESARROLLAR TU SENSIBILIDAD\n Y PERCEPCI\u00d3N SUTIL<\/h1>\t\t\t\t<\/div>\n\t\t\t\t<\/div>\n\t\t\t\t<div class=\"elementor-element elementor-element-a66b654 elementor-widget elementor-widget-text-editor\" data-id=\"a66b654\" data-element_type=\"widget\" data-e-type=\"widget\" data-widget_type=\"text-editor.default\">\n\t\t\t\t<div class=\"elementor-widget-container\">\n\t\t\t\t\t\t\t\t\t<p>Deja de sentirte abrumada por tu sensibilidad y convi\u00e9rtela en tu mayor inteligencia pr\u00e1ctica<\/p>\t\t\t\t\t\t\t\t<\/div>\n\t\t\t\t<\/div>\n\t\t\t\t<div class=\"elementor-element elementor-element-7280a40 elementor-widget elementor-widget-text-editor\" data-id=\"7280a40\" data-element_type=\"widget\" data-e-type=\"widget\" data-widget_type=\"text-editor.default\">\n\t\t\t\t<div class=\"elementor-widget-container\">\n\t\t\t\t\t\t\t\t\t<p>Descarga la gu\u00eda gratuita y descubre c\u00f3mo equilibrar tu mente l\u00f3gica con tu capacidad intuitiva para vivir con m\u00e1s claridad y prop\u00f3sito<\/p>\t\t\t\t\t\t\t\t<\/div>\n\t\t\t\t<\/div>\n\t\t\t\t<div class=\"elementor-element elementor-element-f6b92a0 elementor-align-center elementor-widget elementor-widget-button\" data-id=\"f6b92a0\" data-element_type=\"widget\" data-e-type=\"widget\" data-widget_type=\"button.default\">\n\t\t\t\t<div class=\"elementor-widget-container\">\n\t\t\t\t\t\t\t\t\t<div class=\"elementor-button-wrapper\">\n\t\t\t\t\t<a class=\"elementor-button elementor-button-link elementor-size-sm\" href=\"https:\/\/teresaborotau.com\/escuela\/producto\/test\/\" target=\"_blank\">\n\t\t\t\t\t\t<span class=\"elementor-button-content-wrapper\">\n\t\t\t\t\t\t<span class=\"elementor-button-icon\">\n\t\t\t\t<i aria-hidden=\"true\" class=\"fas fa-gift\"><\/i>\t\t\t<\/span>\n\t\t\t\t\t\t\t\t\t<span class=\"elementor-button-text\">\u00a1QUIERO LA GU\u00cdA GRATUITA AHORA!<\/span>\n\t\t\t\t\t<\/span>\n\t\t\t\t\t<\/a>\n\t\t\t\t<\/div>\n\t\t\t\t\t\t\t\t<\/div>\n\t\t\t\t<\/div>\n\t\t\t\t\t<\/div>\n\t\t<\/div>\n\t\t\t\t\t<\/div>\n\t\t<\/section>\n\t\t\t\t<section class=\"elementor-section elementor-top-section elementor-element elementor-element-48b042f elementor-section-full_width elementor-section-height-default elementor-section-height-default\" data-id=\"48b042f\" data-element_type=\"section\" data-e-type=\"section\">\n\t\t\t\t\t\t<div class=\"elementor-container elementor-column-gap-default\">\n\t\t\t\t\t<div class=\"elementor-column elementor-col-100 elementor-top-column elementor-element elementor-element-221d64b\" data-id=\"221d64b\" data-element_type=\"column\" data-e-type=\"column\">\n\t\t\t<div class=\"elementor-widget-wrap elementor-element-populated\">\n\t\t\t\t\t\t<div class=\"elementor-element elementor-element-75f7723 elementor-widget elementor-widget-text-editor\" data-id=\"75f7723\" data-element_type=\"widget\" data-e-type=\"widget\" data-widget_type=\"text-editor.default\">\n\t\t\t\t<div class=\"elementor-widget-container\">\n\t\t\t\t\t\t\t\t\t<span style=\"color: #ffbd59;\"><strong><b>\u00bfTe sientes \u00abrara\u00bb, agotada o demasiado emp\u00e1tica en tu trabajo?<\/b><\/strong><\/span>\t\t\t\t\t\t\t\t<\/div>\n\t\t\t\t<\/div>\n\t\t\t\t\t<\/div>\n\t\t<\/div>\n\t\t\t\t\t<\/div>\n\t\t<\/section>\n\t\t\t\t<section class=\"elementor-section elementor-top-section elementor-element elementor-element-a747ac8 elementor-section-boxed elementor-section-height-default elementor-section-height-default\" data-id=\"a747ac8\" data-element_type=\"section\" data-e-type=\"section\">\n\t\t\t\t\t\t\t<div class=\"elementor-background-overlay\"><\/div>\n\t\t\t\t\t\t\t<div class=\"elementor-container elementor-column-gap-default\">\n\t\t\t\t\t<div class=\"elementor-column elementor-col-100 elementor-top-column elementor-element elementor-element-0abd60b\" data-id=\"0abd60b\" data-element_type=\"column\" data-e-type=\"column\">\n\t\t\t<div class=\"elementor-widget-wrap elementor-element-populated\">\n\t\t\t\t\t\t<div class=\"elementor-element elementor-element-af9577c elementor-widget elementor-widget-text-editor\" data-id=\"af9577c\" data-element_type=\"widget\" data-e-type=\"widget\" data-widget_type=\"text-editor.default\">\n\t\t\t\t<div class=\"elementor-widget-container\">\n\t\t\t\t\t\t\t\t\t<p style=\"font-weight: 400;\">Si eres parte del\u00a0<strong>30% de la poblaci\u00f3n con alta sensibilidad<\/strong>, es probable que:<\/p>\n<p>Te sientas saturada por el exceso de informaci\u00f3n y emociones que percibes del entorno.<\/p>\n<p>Dudes de tus \u00abcorazonadas\u00bb porque no pasan el filtro de la l\u00f3gica tradicional.<\/p>\n<p>Sientas que tu sensibilidad es un obst\u00e1culo en lugar de una capacidad valiosa para ayudar a los dem\u00e1s.<\/p>\n<p style=\"font-weight: 400;\"><strong><br \/>Es hora de dejar de cerrar tus facultades por miedo y empezar a gestionarlas como la inteligencia que realmente son.<\/strong><\/p>\t\t\t\t\t\t\t\t<\/div>\n\t\t\t\t<\/div>\n\t\t\t\t\t<\/div>\n\t\t<\/div>\n\t\t\t\t\t<\/div>\n\t\t<\/section>\n\t\t\t\t<section class=\"elementor-section elementor-top-section elementor-element elementor-element-8addd2c elementor-section-full_width elementor-section-height-default elementor-section-height-default\" data-id=\"8addd2c\" data-element_type=\"section\" data-e-type=\"section\">\n\t\t\t\t\t\t\t<div class=\"elementor-background-overlay\"><\/div>\n\t\t\t\t\t\t\t<div class=\"elementor-container elementor-column-gap-default\">\n\t\t\t\t\t<div class=\"elementor-column elementor-col-50 elementor-top-column elementor-element elementor-element-1cd0e75\" data-id=\"1cd0e75\" data-element_type=\"column\" data-e-type=\"column\">\n\t\t\t<div class=\"elementor-widget-wrap elementor-element-populated\">\n\t\t\t\t\t\t<div class=\"elementor-element elementor-element-1361b76 elementor-widget elementor-widget-image\" data-id=\"1361b76\" data-element_type=\"widget\" data-e-type=\"widget\" data-widget_type=\"image.default\">\n\t\t\t\t<div class=\"elementor-widget-container\">\n\t\t\t\t\t\t\t\t\t\t\t\t\t\t\t<img decoding=\"async\" src=\"https:\/\/teresaborotau.com\/escuela\/wp-content\/uploads\/elementor\/thumbs\/IMG_20200811_113138-rmbw0y2mbbe9csy9vmeubxw0mcq9ssyx44efswrk3a.jpg\" title=\"IMG_20200811_113138\" alt=\"IMG_20200811_113138\" loading=\"lazy\" \/>\t\t\t\t\t\t\t\t\t\t\t\t\t\t\t<\/div>\n\t\t\t\t<\/div>\n\t\t\t\t\t<\/div>\n\t\t<\/div>\n\t\t\t\t<div class=\"elementor-column elementor-col-50 elementor-top-column elementor-element elementor-element-d7aa326\" data-id=\"d7aa326\" data-element_type=\"column\" data-e-type=\"column\" data-settings=\"{&quot;background_background&quot;:&quot;classic&quot;}\">\n\t\t\t<div class=\"elementor-widget-wrap elementor-element-populated\">\n\t\t\t\t\t\t<div class=\"elementor-element elementor-element-73e3114 elementor-widget elementor-widget-text-editor\" data-id=\"73e3114\" data-element_type=\"widget\" data-e-type=\"widget\" data-widget_type=\"text-editor.default\">\n\t\t\t\t<div class=\"elementor-widget-container\">\n\t\t\t\t\t\t\t\t\t<p style=\"text-align: center;\">Soy Teresa Borotau y quiero compartir contigo un pedacito de mi historia:<\/p>\n<p style=\"font-weight: 400;\"><strong>Hola, soy Teresa Borotau.<\/strong>\u00a0Cre\u00e9 la Escuela de Sensibilidad porque, como t\u00fa, muchas personas llegaban a mi consulta desbordadas por su percepci\u00f3n. Mi enfoque es la\u00a0<strong>Espiritualidad Pr\u00e1ctica<\/strong>: hacer f\u00e1cil lo complejo y ayudarte a que tu sensibilidad toque siempre de pies en el suelo.<\/p>\n<p style=\"font-weight: 400;\">Mi rigor no nace de la nada. Antes de fundar la Escuela de Sensibilidad, dediqu\u00e9 d\u00e9cadas a la docencia y a la direcci\u00f3n educativa, donde mi labor fue reconocida con el\u00a0<strong>Premio Catalu\u00f1a de Educaci\u00f3n<\/strong>. Mi paso por la Filolog\u00eda y el Conservatorio Superior de M\u00fasica me ense\u00f1aron que la intuici\u00f3n, al igual que una lengua o un instrumento, requiere t\u00e9cnica, estructura y una interpretaci\u00f3n precisa.<\/p>\n<p style=\"font-weight: 400;\">Hoy, tras 8 libros publicados y m\u00e1s de 2.000 alumnos acompa\u00f1ados, mi prop\u00f3sito es ayudarte a integrar tu sensibilidad con la misma estructura y rigor con los que yo integr\u00e9 la m\u00eda. En mi escuela, honramos el intelecto tanto como la intuici\u00f3n, porque solo con los pies en el suelo podemos realmente alcanzar el cielo.<\/p>\t\t\t\t\t\t\t\t<\/div>\n\t\t\t\t<\/div>\n\t\t\t\t\t<\/div>\n\t\t<\/div>\n\t\t\t\t\t<\/div>\n\t\t<\/section>\n\t\t\t\t<section class=\"elementor-section elementor-top-section elementor-element elementor-element-94320b6 elementor-section-full_width elementor-section-height-default elementor-section-height-default\" data-id=\"94320b6\" data-element_type=\"section\" data-e-type=\"section\">\n\t\t\t\t\t\t<div class=\"elementor-container elementor-column-gap-default\">\n\t\t\t\t\t<div class=\"elementor-column elementor-col-100 elementor-top-column elementor-element elementor-element-0f0738c\" data-id=\"0f0738c\" data-element_type=\"column\" data-e-type=\"column\">\n\t\t\t<div class=\"elementor-widget-wrap elementor-element-populated\">\n\t\t\t\t\t\t<div class=\"elementor-element elementor-element-6eb5a16 elementor-widget elementor-widget-text-editor\" data-id=\"6eb5a16\" data-element_type=\"widget\" data-e-type=\"widget\" data-widget_type=\"text-editor.default\">\n\t\t\t\t<div class=\"elementor-widget-container\">\n\t\t\t\t\t\t\t\t\t<p><strong><b>Lo que descubrir\u00e1s en esta gu\u00eda:<\/b><\/strong><\/p>\t\t\t\t\t\t\t\t<\/div>\n\t\t\t\t<\/div>\n\t\t\t\t\t<\/div>\n\t\t<\/div>\n\t\t\t\t\t<\/div>\n\t\t<\/section>\n\t\t\t\t<section class=\"elementor-section elementor-top-section elementor-element elementor-element-95493e0 elementor-section-boxed elementor-section-height-default elementor-section-height-default\" data-id=\"95493e0\" data-element_type=\"section\" data-e-type=\"section\">\n\t\t\t\t\t\t<div class=\"elementor-container elementor-column-gap-default\">\n\t\t\t\t\t<div class=\"elementor-column elementor-col-100 elementor-top-column elementor-element elementor-element-33ed6e7\" data-id=\"33ed6e7\" data-element_type=\"column\" data-e-type=\"column\">\n\t\t\t<div class=\"elementor-widget-wrap elementor-element-populated\">\n\t\t\t\t\t\t<div class=\"elementor-element elementor-element-9823102 elementor-widget elementor-widget-text-editor\" data-id=\"9823102\" data-element_type=\"widget\" data-e-type=\"widget\" data-widget_type=\"text-editor.default\">\n\t\t\t\t<div class=\"elementor-widget-container\">\n\t\t\t\t\t\t\t\t\t<p>A menudo, la sensibilidad se malinterpreta como debilidad. En estas p\u00e1ginas, te invito a redescubrirla como una&nbsp;<b>herramienta valiosa<\/b>&nbsp;para tu vida personal y profesional. Esto es lo que aprender\u00e1s:<\/p>\n<p><b>\u00bfQu\u00e9 es realmente la sensibilidad y por qu\u00e9 t\u00fa tambi\u00e9n puedes entrenarla?<\/b>&nbsp;<br>Entender\u00e1s que percibir de forma sutil no es un don reservado para unos pocos, sino una capacidad inherente a todo ser vivo que, como cualquier otra facultad, requiere t\u00e9cnica y prop\u00f3sito.<\/p>\n<p><b>C\u00f3mo la sensibilidad bien gestionada es un tipo de Inteligencia: El puente entre tus dos mundos.<\/b>&nbsp;<br>Aprender\u00e1s las diferentes funciones de tu cerebro racional y tu capacidad intuitiva. No se trata de elegir uno, sino de que ambos colaboren para dar respuestas creativas y eficaces a problemas reales del d\u00eda a d\u00eda.<\/p>\n<p><b>A identificar tus 4 Facultades Extrasensoriales.<\/b>&nbsp;<br>Le pondremos nombre a lo que sientes. Descubrir\u00e1s si tu canal principal es la&nbsp;<b>clarisensibilidad<\/b>&nbsp;(sentir en el cuerpo), el&nbsp;<b>clariconocimiento<\/b>&nbsp;(el saber instant\u00e1neo), la&nbsp;<b>clarividencia<\/b>&nbsp;(im\u00e1genes) o la&nbsp;<b>clariaudiencia<\/b>&nbsp;(escucha interna). Reconocer tu canal es el primer paso para dejar de sentirte desbordada.<\/p>\n<p><b>Que las decisiones \u00abcon coraz\u00f3n\u00bb desde tu ser esencial son las mejores.<\/b>&nbsp;<br>Te mostrar\u00e9 que desarrollar tus capacidades es la mejor forma para acceder a tu sabidur\u00eda interna. Aprender\u00e1s a distinguir la se\u00f1al del ruido para decidir con seguridad, eliminando esa par\u00e1lisis por an\u00e1lisis que tanto agota a las mentes racionales.<\/p>\n<p><b>7 Razones de peso para no dar la espalda a tu percepci\u00f3n.<\/b>&nbsp;<\/p><p>Desde c\u00f3mo la sensibilidad facilita el autoconocimiento real y el conocimiento directo, hasta c\u00f3mo aumenta tu capacidad de compasi\u00f3n y ayuda al pr\u00f3jimo sin que t\u00fa te vac\u00edes en el proceso.<\/p>\t\t\t\t\t\t\t\t<\/div>\n\t\t\t\t<\/div>\n\t\t\t\t\t<\/div>\n\t\t<\/div>\n\t\t\t\t\t<\/div>\n\t\t<\/section>\n\t\t\t\t<section class=\"elementor-section elementor-top-section elementor-element elementor-element-06c94bd elementor-section-boxed elementor-section-height-default elementor-section-height-default\" data-id=\"06c94bd\" data-element_type=\"section\" data-e-type=\"section\">\n\t\t\t\t\t\t<div class=\"elementor-container elementor-column-gap-default\">\n\t\t\t\t\t<div class=\"elementor-column elementor-col-100 elementor-top-column elementor-element elementor-element-be65836\" data-id=\"be65836\" data-element_type=\"column\" data-e-type=\"column\">\n\t\t\t<div class=\"elementor-widget-wrap elementor-element-populated\">\n\t\t\t\t\t\t<div class=\"elementor-element elementor-element-2125d52 elementor-widget elementor-widget-text-editor\" data-id=\"2125d52\" data-element_type=\"widget\" data-e-type=\"widget\" data-widget_type=\"text-editor.default\">\n\t\t\t\t<div class=\"elementor-widget-container\">\n\t\t\t\t\t\t\t\t\t<h3><b><span style=\"color: #ffbd59;\"><strong>\u00bfPor qu\u00e9 descargarla ahora?<\/b><\/strong><\/span><\/b><\/h3>\nPorque si has llegado hasta aqu\u00ed, es porque sientes que hay una informaci\u00f3n en el entorno que tu mente l\u00f3gica no alcanza a explicar, pero que tu cuerpo ya ha detectado. Esta gu\u00eda es el primer paso para que esa informaci\u00f3n deje de ser un ruido molesto y se convierta en tu mayor ventaja competitiva y humana.\t\t\t\t\t\t\t\t<\/div>\n\t\t\t\t<\/div>\n\t\t\t\t\t<\/div>\n\t\t<\/div>\n\t\t\t\t\t<\/div>\n\t\t<\/section>\n\t\t\t\t<section class=\"elementor-section elementor-top-section elementor-element elementor-element-ea5db46 elementor-section-boxed elementor-section-height-default elementor-section-height-default\" data-id=\"ea5db46\" data-element_type=\"section\" data-e-type=\"section\">\n\t\t\t\t\t\t<div class=\"elementor-container elementor-column-gap-default\">\n\t\t\t\t\t<div class=\"elementor-column elementor-col-100 elementor-top-column elementor-element elementor-element-bd9063e\" data-id=\"bd9063e\" data-element_type=\"column\" data-e-type=\"column\">\n\t\t\t<div class=\"elementor-widget-wrap elementor-element-populated\">\n\t\t\t\t\t\t<div class=\"elementor-element elementor-element-28b4230 elementor-widget elementor-widget-text-editor\" data-id=\"28b4230\" data-element_type=\"widget\" data-e-type=\"widget\" data-widget_type=\"text-editor.default\">\n\t\t\t\t<div class=\"elementor-widget-container\">\n\t\t\t\t\t\t\t\t\t<p>GU\u00cdA 7 RAZONES PARA DESARROLLAR TU SENSIBILIDAD<br \/>Y PERCEPCI\u00d3N SUTIL<\/p>\t\t\t\t\t\t\t\t<\/div>\n\t\t\t\t<\/div>\n\t\t\t\t<div class=\"elementor-element elementor-element-8af2d96 elementor-widget elementor-widget-text-editor\" data-id=\"8af2d96\" data-element_type=\"widget\" data-e-type=\"widget\" data-widget_type=\"text-editor.default\">\n\t\t\t\t<div class=\"elementor-widget-container\">\n\t\t\t\t\t\t\t\t\t<p><strong><b>Empieza a transformar tu sensibilidad hoy mismo. Introduce tu correo y recibe inmediatamente la gu\u00eda en PDF para empezar a ver tu percepci\u00f3n como el regalo que realmente es<\/b><\/strong><\/p>\t\t\t\t\t\t\t\t<\/div>\n\t\t\t\t<\/div>\n\t\t\t\t<div class=\"elementor-element elementor-element-5d28af7 elementor-align-center elementor-widget elementor-widget-button\" data-id=\"5d28af7\" data-element_type=\"widget\" data-e-type=\"widget\" data-widget_type=\"button.default\">\n\t\t\t\t<div class=\"elementor-widget-container\">\n\t\t\t\t\t\t\t\t\t<div class=\"elementor-button-wrapper\">\n\t\t\t\t\t<a class=\"elementor-button elementor-button-link elementor-size-sm\" href=\"https:\/\/teresaborotau.com\/escuela\/producto\/test\/\" target=\"_blank\">\n\t\t\t\t\t\t<span class=\"elementor-button-content-wrapper\">\n\t\t\t\t\t\t<span class=\"elementor-button-icon\">\n\t\t\t\t<i aria-hidden=\"true\" class=\"fas fa-gift\"><\/i>\t\t\t<\/span>\n\t\t\t\t\t\t\t\t\t<span class=\"elementor-button-text\">\u00a1QUIERO LA GU\u00cdA GRATUITA AHORA!<\/span>\n\t\t\t\t\t<\/span>\n\t\t\t\t\t<\/a>\n\t\t\t\t<\/div>\n\t\t\t\t\t\t\t\t<\/div>\n\t\t\t\t<\/div>\n\t\t\t\t\t<\/div>\n\t\t<\/div>\n\t\t\t\t\t<\/div>\n\t\t<\/section>\n\t\t\t\t<section class=\"elementor-section elementor-top-section elementor-element elementor-element-148f24c elementor-section-full_width elementor-section-height-default elementor-section-height-default\" data-id=\"148f24c\" data-element_type=\"section\" data-e-type=\"section\">\n\t\t\t\t\t\t<div class=\"elementor-container elementor-column-gap-default\">\n\t\t\t\t\t<div class=\"elementor-column elementor-col-100 elementor-top-column elementor-element elementor-element-21a4207\" data-id=\"21a4207\" data-element_type=\"column\" data-e-type=\"column\">\n\t\t\t<div class=\"elementor-widget-wrap elementor-element-populated\">\n\t\t\t\t\t\t<div class=\"elementor-element elementor-element-d40311c elementor-widget elementor-widget-text-editor\" data-id=\"d40311c\" data-element_type=\"widget\" data-e-type=\"widget\" data-widget_type=\"text-editor.default\">\n\t\t\t\t<div class=\"elementor-widget-container\">\n\t\t\t\t\t\t\t\t\t<p><span style=\"color: #ffbd59;\"><strong><b>\u00abTu sensibilidad no es una carga, es un tipo de inteligencia capaz de dar respuestas creativas a los desaf\u00edos de tu vida diaria\u00bb<\/b><\/strong><\/span><\/p>\t\t\t\t\t\t\t\t<\/div>\n\t\t\t\t<\/div>\n\t\t\t\t\t<\/div>\n\t\t<\/div>\n\t\t\t\t\t<\/div>\n\t\t<\/section>\n\t\t\t\t<section class=\"elementor-section elementor-top-section elementor-element elementor-element-38a5635 elementor-section-boxed elementor-section-height-default elementor-section-height-default\" data-id=\"38a5635\" data-element_type=\"section\" data-e-type=\"section\" data-settings=\"{&quot;background_background&quot;:&quot;classic&quot;}\">\n\t\t\t\t\t\t<div class=\"elementor-container elementor-column-gap-default\">\n\t\t\t\t\t<div class=\"elementor-column elementor-col-100 elementor-top-column elementor-element elementor-element-66b42e5\" data-id=\"66b42e5\" data-element_type=\"column\" data-e-type=\"column\">\n\t\t\t<div class=\"elementor-widget-wrap elementor-element-populated\">\n\t\t\t\t\t\t<div class=\"elementor-element elementor-element-ada417f elementor-widget elementor-widget-text-editor\" data-id=\"ada417f\" data-element_type=\"widget\" data-e-type=\"widget\" data-widget_type=\"text-editor.default\">\n\t\t\t\t<div class=\"elementor-widget-container\">\n\t\t\t\t\t\t\t\t\t<p><b>Mira lo que dicen sobre m\u00ed y mi trabajo<\/b><\/p>\t\t\t\t\t\t\t\t<\/div>\n\t\t\t\t<\/div>\n\t\t\t\t\t<\/div>\n\t\t<\/div>\n\t\t\t\t\t<\/div>\n\t\t<\/section>\n\t\t\t\t<section class=\"elementor-section elementor-top-section elementor-element elementor-element-f8e9c8d elementor-section-boxed elementor-section-height-default elementor-section-height-default\" data-id=\"f8e9c8d\" data-element_type=\"section\" data-e-type=\"section\" data-settings=\"{&quot;background_background&quot;:&quot;classic&quot;}\">\n\t\t\t\t\t\t<div class=\"elementor-container elementor-column-gap-default\">\n\t\t\t\t\t<div class=\"elementor-column elementor-col-33 elementor-top-column elementor-element elementor-element-7180c44\" data-id=\"7180c44\" data-element_type=\"column\" data-e-type=\"column\">\n\t\t\t<div class=\"elementor-widget-wrap elementor-element-populated\">\n\t\t\t\t\t\t<div class=\"elementor-element elementor-element-796b01b elementor-view-default elementor-widget elementor-widget-icon\" data-id=\"796b01b\" data-element_type=\"widget\" data-e-type=\"widget\" data-widget_type=\"icon.default\">\n\t\t\t\t<div class=\"elementor-widget-container\">\n\t\t\t\t\t\t\t<div class=\"elementor-icon-wrapper\">\n\t\t\t<div class=\"elementor-icon\">\n\t\t\t<i aria-hidden=\"true\" class=\"fas fa-quote-left\"><\/i>\t\t\t<\/div>\n\t\t<\/div>\n\t\t\t\t\t\t<\/div>\n\t\t\t\t<\/div>\n\t\t\t\t<div class=\"elementor-element elementor-element-afb013c elementor-widget elementor-widget-text-editor\" data-id=\"afb013c\" data-element_type=\"widget\" data-e-type=\"widget\" data-widget_type=\"text-editor.default\">\n\t\t\t\t<div class=\"elementor-widget-container\">\n\t\t\t\t\t\t\t\t\t<p>La experiencia en esta formaci\u00f3n ha sido un antes y un despu\u00e9s en mi vida. Es dif\u00edcil ponerle palabras (&#8230;)<\/p><div>Ha habido un trabajo profundo de sanaci\u00f3n, y gracias a \u00e9l, he podido ofrecer mi sensibilidad de un modo m\u00e1s efectivo, aut\u00e9ntico y neutral.\u00a0A medida que han ido pasando las clases, he tomado mucha m\u00e1s confianza en m\u00ed misma y me he sentido m\u00e1s segura de lo que hago.\u00a0Me he conocido a un nivel m\u00e1s amplio, lo que ha permitido abordar temas a\u00fan no resueltos y poder sanarlos. Esta sanaci\u00f3n me ha permitido sentirme m\u00e1s ligera y libre, y a su vez m\u00e1s limpia para poder hacer mejores acompa\u00f1amientos.<\/div><div>\u00a0<\/div><div>Estoy infinitamente agradecida, por haber hecho todo este proceso y aprendizaje con Teresa.\u00a0Os recomiendo sus formaciones<\/div><div>\u00a0<\/div><p>Irene Atienza Garc\u00eda<\/p>\t\t\t\t\t\t\t\t<\/div>\n\t\t\t\t<\/div>\n\t\t\t\t\t<\/div>\n\t\t<\/div>\n\t\t\t\t<div class=\"elementor-column elementor-col-33 elementor-top-column elementor-element elementor-element-0c43791\" data-id=\"0c43791\" data-element_type=\"column\" data-e-type=\"column\">\n\t\t\t<div class=\"elementor-widget-wrap elementor-element-populated\">\n\t\t\t\t\t\t<div class=\"elementor-element elementor-element-5bd65b2 elementor-view-default elementor-widget elementor-widget-icon\" data-id=\"5bd65b2\" data-element_type=\"widget\" data-e-type=\"widget\" data-widget_type=\"icon.default\">\n\t\t\t\t<div class=\"elementor-widget-container\">\n\t\t\t\t\t\t\t<div class=\"elementor-icon-wrapper\">\n\t\t\t<div class=\"elementor-icon\">\n\t\t\t<i aria-hidden=\"true\" class=\"fas fa-quote-left\"><\/i>\t\t\t<\/div>\n\t\t<\/div>\n\t\t\t\t\t\t<\/div>\n\t\t\t\t<\/div>\n\t\t\t\t<div class=\"elementor-element elementor-element-c3a44f8 elementor-widget elementor-widget-text-editor\" data-id=\"c3a44f8\" data-element_type=\"widget\" data-e-type=\"widget\" data-widget_type=\"text-editor.default\">\n\t\t\t\t<div class=\"elementor-widget-container\">\n\t\t\t\t\t\t\t\t\t<div dir=\"auto\">De la mano de Teresa he potenciado mis capacidades extrasensoriales y he aprendido a verlas con naturalidad e integrarlas\u00a0 en mi d\u00eda a d\u00eda.<\/div><div dir=\"auto\">De este modo he ido ganando confianza en mi y en mis vivencias y he ido perdiendo los miedos.<\/div><div dir=\"auto\">\u00a0<\/div><div dir=\"auto\"><div dir=\"auto\">La pr\u00e1ctica continua\u00a0 y el apoyo del propio grupo de compa\u00f1eras, ha sido fundamental en esta evoluci\u00f3n y ahora me siento preparada para ayudar y acompa\u00f1ar a otras personas.<\/div><div dir=\"auto\">\u00a0<\/div><div dir=\"auto\">Si llevas tiempo buscando gu\u00eda y apoyo para desarrollar tus capacidades sensibles y sensitivas como terapeuta y has llegado hasta aqu\u00ed, no es casualidad, quiz\u00e1s alguien te est\u00e9 marcado el camino como lo hicieron conmigo.<\/div><\/div><p>Roc\u00edo Romero<\/p>\t\t\t\t\t\t\t\t<\/div>\n\t\t\t\t<\/div>\n\t\t\t\t\t<\/div>\n\t\t<\/div>\n\t\t\t\t<div class=\"elementor-column elementor-col-33 elementor-top-column elementor-element elementor-element-edf2f14\" data-id=\"edf2f14\" data-element_type=\"column\" data-e-type=\"column\">\n\t\t\t<div class=\"elementor-widget-wrap elementor-element-populated\">\n\t\t\t\t\t\t<div class=\"elementor-element elementor-element-937da94 elementor-view-default elementor-widget elementor-widget-icon\" data-id=\"937da94\" data-element_type=\"widget\" data-e-type=\"widget\" data-widget_type=\"icon.default\">\n\t\t\t\t<div class=\"elementor-widget-container\">\n\t\t\t\t\t\t\t<div class=\"elementor-icon-wrapper\">\n\t\t\t<div class=\"elementor-icon\">\n\t\t\t<i aria-hidden=\"true\" class=\"fas fa-quote-left\"><\/i>\t\t\t<\/div>\n\t\t<\/div>\n\t\t\t\t\t\t<\/div>\n\t\t\t\t<\/div>\n\t\t\t\t<div class=\"elementor-element elementor-element-c53dc50 elementor-widget elementor-widget-text-editor\" data-id=\"c53dc50\" data-element_type=\"widget\" data-e-type=\"widget\" data-widget_type=\"text-editor.default\">\n\t\t\t\t<div class=\"elementor-widget-container\">\n\t\t\t\t\t\t\t\t\t<p>Muchas gracias por permitirme acompa\u00f1arte en este curso, que ha sido un viaje para profundizar m\u00e1s en todas aquellas \u00e1reas de mi vida que necesitaban liberarse, equilibrarse y fortalecerse. Este espacio de aprendizaje y compartir, me ha permitido ganar confianza a partir de ese reconocimiento interno. Ya que cuanto m\u00e1s claro y sano es mi interior, m\u00e1s claridad siento para poder acompa\u00f1ar y guiar a otras personas, desde esta conexi\u00f3n inspirada que, as\u00ed mismo, es guiada.<\/p><p>Tambi\u00e9n, agradezco todas las pautas pr\u00e1cticas que nos has brindado para poder materializar y compartir nuestros dones y capacidades, de forma coherente y valerosa. Gracias por tu maestr\u00eda y tu sabidur\u00eda.<\/p><p>Un gran abrazo.<\/p><p>Mapi Rivera<\/p>\t\t\t\t\t\t\t\t<\/div>\n\t\t\t\t<\/div>\n\t\t\t\t\t<\/div>\n\t\t<\/div>\n\t\t\t\t\t<\/div>\n\t\t<\/section>\n\t\t\t\t<section class=\"elementor-section elementor-top-section elementor-element elementor-element-35a136c elementor-section-boxed elementor-section-height-default elementor-section-height-default\" data-id=\"35a136c\" data-element_type=\"section\" data-e-type=\"section\" data-settings=\"{&quot;background_background&quot;:&quot;classic&quot;}\">\n\t\t\t\t\t\t<div class=\"elementor-container elementor-column-gap-default\">\n\t\t\t\t\t<div class=\"elementor-column elementor-col-50 elementor-top-column elementor-element elementor-element-b3ce0fe\" data-id=\"b3ce0fe\" data-element_type=\"column\" data-e-type=\"column\">\n\t\t\t<div class=\"elementor-widget-wrap elementor-element-populated\">\n\t\t\t\t\t\t<div class=\"elementor-element elementor-element-84c9845 elementor-view-default elementor-widget elementor-widget-icon\" data-id=\"84c9845\" data-element_type=\"widget\" data-e-type=\"widget\" data-widget_type=\"icon.default\">\n\t\t\t\t<div class=\"elementor-widget-container\">\n\t\t\t\t\t\t\t<div class=\"elementor-icon-wrapper\">\n\t\t\t<div class=\"elementor-icon\">\n\t\t\t<i aria-hidden=\"true\" class=\"fas fa-user-plus\"><\/i>\t\t\t<\/div>\n\t\t<\/div>\n\t\t\t\t\t\t<\/div>\n\t\t\t\t<\/div>\n\t\t\t\t\t<\/div>\n\t\t<\/div>\n\t\t\t\t<div class=\"elementor-column elementor-col-50 elementor-top-column elementor-element elementor-element-c00e291\" data-id=\"c00e291\" data-element_type=\"column\" data-e-type=\"column\">\n\t\t\t<div class=\"elementor-widget-wrap elementor-element-populated\">\n\t\t\t\t\t\t<div class=\"elementor-element elementor-element-802e716 elementor-mobile-align-center elementor-widget elementor-widget-button\" data-id=\"802e716\" data-element_type=\"widget\" data-e-type=\"widget\" data-widget_type=\"button.default\">\n\t\t\t\t<div class=\"elementor-widget-container\">\n\t\t\t\t\t\t\t\t\t<div class=\"elementor-button-wrapper\">\n\t\t\t\t\t<a class=\"elementor-button elementor-button-link elementor-size-sm\" href=\"https:\/\/teresaborotau.com\/testimonios\/\">\n\t\t\t\t\t\t<span class=\"elementor-button-content-wrapper\">\n\t\t\t\t\t\t\t\t\t<span class=\"elementor-button-text\">M\u00c1S TESTIMONIOS<\/span>\n\t\t\t\t\t<\/span>\n\t\t\t\t\t<\/a>\n\t\t\t\t<\/div>\n\t\t\t\t\t\t\t\t<\/div>\n\t\t\t\t<\/div>\n\t\t\t\t\t<\/div>\n\t\t<\/div>\n\t\t\t\t\t<\/div>\n\t\t<\/section>\n\t\t\t\t<\/div>\n\t\t","protected":false},"excerpt":{"rendered":"<p>GU\u00cdA 7 RAZONES PARA DESARROLLAR TU SENSIBILIDAD Y PERCEPCI\u00d3N SUTIL Deja de sentirte abrumada por tu sensibilidad y convi\u00e9rtela en&hellip;&nbsp;<a href=\"https:\/\/teresaborotau.com\/escuela\/guia-7-razones-para-desarrollar-tu-sensibilidad-y-percepcion-sutil\/\" rel=\"bookmark\">Leer m\u00e1s &raquo;<span class=\"screen-reader-text\">Gu\u00eda 7 Razones para desarrollar tu sensibilidad y percepci\u00f3n sutil<\/span><\/a><\/p>\n","protected":false},"author":4,"featured_media":0,"parent":0,"menu_order":0,"comment_status":"closed","ping_status":"closed","template":"page-templates\/template-pagebuilder-full-width.php","meta":{"pmpro_default_level":"","neve_meta_sidebar":"full-width","neve_meta_container":"","neve_meta_enable_content_width":"on","neve_meta_content_width":100,"neve_meta_title_alignment":"","neve_meta_author_avatar":"","neve_post_elements_order":"","neve_meta_disable_header":"","neve_meta_disable_footer":"","neve_meta_disable_title":"","footnotes":""},"class_list":["post-17629","page","type-page","status-publish","hentry","pmpro-has-access"],"_links":{"self":[{"href":"https:\/\/teresaborotau.com\/escuela\/wp-json\/wp\/v2\/pages\/17629","targetHints":{"allow":["GET"]}}],"collection":[{"href":"https:\/\/teresaborotau.com\/escuela\/wp-json\/wp\/v2\/pages"}],"about":[{"href":"https:\/\/teresaborotau.com\/escuela\/wp-json\/wp\/v2\/types\/page"}],"author":[{"embeddable":true,"href":"https:\/\/teresaborotau.com\/escuela\/wp-json\/wp\/v2\/users\/4"}],"replies":[{"embeddable":true,"href":"https:\/\/teresaborotau.com\/escuela\/wp-json\/wp\/v2\/comments?post=17629"}],"version-history":[{"count":76,"href":"https:\/\/teresaborotau.com\/escuela\/wp-json\/wp\/v2\/pages\/17629\/revisions"}],"predecessor-version":[{"id":17728,"href":"https:\/\/teresaborotau.com\/escuela\/wp-json\/wp\/v2\/pages\/17629\/revisions\/17728"}],"wp:attachment":[{"href":"https:\/\/teresaborotau.com\/escuela\/wp-json\/wp\/v2\/media?parent=17629"}],"curies":[{"name":"wp","href":"https:\/\/api.w.org\/{rel}","templated":true}]}}